{"id":483,"date":"2018-11-08T18:17:15","date_gmt":"2018-11-08T18:17:15","guid":{"rendered":"http:\/\/einschamanenweg.de\/?page_id=483"},"modified":"2024-11-25T18:26:59","modified_gmt":"2024-11-25T18:26:59","slug":"der-untertitel","status":"publish","type":"page","link":"https:\/\/einschamanenweg.de\/?page_id=483","title":{"rendered":"Der Untertitel"},"content":{"rendered":"<p><em>Das Buch\u00a0 <a href=\"https:\/\/www.einschamanenweg.de\/?page_id=253\"><img loading=\"lazy\" decoding=\"async\" class=\"alignnone wp-image-395\" src=\"http:\/\/einschamanenweg.de\/wp-content\/uploads\/2018\/09\/Welle-Vorderseite-195x300.jpg\" alt=\"\" width=\"15\" height=\"23\" srcset=\"https:\/\/einschamanenweg.de\/wp-content\/uploads\/2018\/09\/Welle-Vorderseite-195x300.jpg 195w, https:\/\/einschamanenweg.de\/wp-content\/uploads\/2018\/09\/Welle-Vorderseite.jpg 278w\" sizes=\"auto, (max-width: 15px) 100vw, 15px\" \/><\/a> \u00a0 \u00a0\u00a0 \u00a0 Leseprobe\u00a0 <a href=\"https:\/\/www.einschamanenweg.de\/?page_id=280\"><img loading=\"lazy\" decoding=\"async\" class=\"alignnone wp-image-395\" src=\"http:\/\/einschamanenweg.de\/wp-content\/uploads\/2018\/09\/Welle-Vorderseite-195x300.jpg\" alt=\"\" width=\"15\" height=\"23\" srcset=\"https:\/\/einschamanenweg.de\/wp-content\/uploads\/2018\/09\/Welle-Vorderseite-195x300.jpg 195w, https:\/\/einschamanenweg.de\/wp-content\/uploads\/2018\/09\/Welle-Vorderseite.jpg 278w\" sizes=\"auto, (max-width: 15px) 100vw, 15px\" \/><\/a> \u00a0\u00a0\u00a0\u00a0\u00a0\u00a0 G\u00f6tterwelt\u00a0 <a href=\"https:\/\/www.einschamanenweg.de\/?page_id=412\"><img loading=\"lazy\" decoding=\"async\" class=\"alignnone wp-image-395\" src=\"http:\/\/einschamanenweg.de\/wp-content\/uploads\/2018\/09\/Welle-Vorderseite-195x300.jpg\" alt=\"\" width=\"15\" height=\"23\" srcset=\"https:\/\/einschamanenweg.de\/wp-content\/uploads\/2018\/09\/Welle-Vorderseite-195x300.jpg 195w, https:\/\/einschamanenweg.de\/wp-content\/uploads\/2018\/09\/Welle-Vorderseite.jpg 278w\" sizes=\"auto, (max-width: 15px) 100vw, 15px\" \/><\/a> <strong>\u00a0\u00a0 \u00a0\u00a0\u00a0 <\/strong>Gedichte\u00a0\u00a0<a href=\"https:\/\/www.einschamanenweg.de\/?page_id=405\"><img loading=\"lazy\" decoding=\"async\" class=\"alignnone wp-image-395\" src=\"http:\/\/einschamanenweg.de\/wp-content\/uploads\/2018\/09\/Welle-Vorderseite-195x300.jpg\" alt=\"\" width=\"15\" height=\"23\" srcset=\"https:\/\/einschamanenweg.de\/wp-content\/uploads\/2018\/09\/Welle-Vorderseite-195x300.jpg 195w, https:\/\/einschamanenweg.de\/wp-content\/uploads\/2018\/09\/Welle-Vorderseite.jpg 278w\" sizes=\"auto, (max-width: 15px) 100vw, 15px\" \/><\/a> \u00a0\u00a0\u00a0\u00a0\u00a0\u00a0 Gedanken\u00a0 <a href=\"https:\/\/www.einschamanenweg.de\/?page_id=277\"><img loading=\"lazy\" decoding=\"async\" class=\"alignnone wp-image-395\" src=\"http:\/\/einschamanenweg.de\/wp-content\/uploads\/2018\/09\/Welle-Vorderseite-195x300.jpg\" alt=\"\" width=\"15\" height=\"23\" srcset=\"https:\/\/einschamanenweg.de\/wp-content\/uploads\/2018\/09\/Welle-Vorderseite-195x300.jpg 195w, https:\/\/einschamanenweg.de\/wp-content\/uploads\/2018\/09\/Welle-Vorderseite.jpg 278w\" sizes=\"auto, (max-width: 15px) 100vw, 15px\" \/><\/a> <strong>\u00a0\u00a0<\/strong>\u00a0 \u00a0\u00a0 Das Cover\u00a0 <a href=\"https:\/\/www.einschamanenweg.de\/?page_id=283\"><img loading=\"lazy\" decoding=\"async\" class=\"alignnone wp-image-395\" src=\"http:\/\/einschamanenweg.de\/wp-content\/uploads\/2018\/09\/Welle-Vorderseite-195x300.jpg\" alt=\"\" width=\"15\" height=\"23\" srcset=\"https:\/\/einschamanenweg.de\/wp-content\/uploads\/2018\/09\/Welle-Vorderseite-195x300.jpg 195w, https:\/\/einschamanenweg.de\/wp-content\/uploads\/2018\/09\/Welle-Vorderseite.jpg 278w\" sizes=\"auto, (max-width: 15px) 100vw, 15px\" \/><\/a> \u00a0 \u00a0 \u00a0\u00a0 Bezug\u00a0 <a href=\"https:\/\/einschamanenweg.de\/?page_id=1217\"><img loading=\"lazy\" decoding=\"async\" class=\"alignnone wp-image-395\" src=\"http:\/\/einschamanenweg.de\/wp-content\/uploads\/2018\/09\/Welle-Vorderseite-195x300.jpg\" alt=\"\" width=\"15\" height=\"23\" srcset=\"https:\/\/einschamanenweg.de\/wp-content\/uploads\/2018\/09\/Welle-Vorderseite-195x300.jpg 195w, https:\/\/einschamanenweg.de\/wp-content\/uploads\/2018\/09\/Welle-Vorderseite.jpg 278w\" sizes=\"auto, (max-width: 15px) 100vw, 15px\" \/><\/a>\u00a0 \u00a0\u00a0\u00a0\u00a0\u00a0\u00a0\u00a0\u00a0\u00a0\u00a0\u00a0\u00a0\u00a0\u00a0\u00a0\u00a0\u00a0\u00a0\u00a0 <\/em><\/p>\n<p><img loading=\"lazy\" decoding=\"async\" class=\"alignnone wp-image-326\" src=\"http:\/\/einschamanenweg.de\/wp-content\/uploads\/2018\/09\/Wasser-quer-300x59.jpg\" alt=\"\" width=\"940\" height=\"184\" srcset=\"https:\/\/einschamanenweg.de\/wp-content\/uploads\/2018\/09\/Wasser-quer-300x59.jpg 300w, https:\/\/einschamanenweg.de\/wp-content\/uploads\/2018\/09\/Wasser-quer-768x150.jpg 768w, https:\/\/einschamanenweg.de\/wp-content\/uploads\/2018\/09\/Wasser-quer-1024x200.jpg 1024w, https:\/\/einschamanenweg.de\/wp-content\/uploads\/2018\/09\/Wasser-quer-624x122.jpg 624w\" sizes=\"auto, (max-width: 940px) 100vw, 940px\" \/><\/p>\n<h2>Die Liebe, die Freiheit und die G\u00f6tter<\/h2>\n<p align=\"left\"><em><img loading=\"lazy\" decoding=\"async\" class=\"size-medium wp-image-487 alignleft\" src=\"http:\/\/einschamanenweg.de\/wp-content\/uploads\/2018\/11\/IMG_20170504_155529-225x300.jpg\" alt=\"\" width=\"225\" height=\"300\" srcset=\"https:\/\/einschamanenweg.de\/wp-content\/uploads\/2018\/11\/IMG_20170504_155529-225x300.jpg 225w, https:\/\/einschamanenweg.de\/wp-content\/uploads\/2018\/11\/IMG_20170504_155529-768x1024.jpg 768w, https:\/\/einschamanenweg.de\/wp-content\/uploads\/2018\/11\/IMG_20170504_155529-624x832.jpg 624w\" sizes=\"auto, (max-width: 225px) 100vw, 225px\" \/>\u201e<span style=\"font-family: Tahoma, serif;\"><b>Die Liebe, die Freiheit und die G\u00f6tter\u201c<\/b><\/span><span style=\"font-family: Tahoma, serif;\">,<\/span><b> <\/b><span style=\"font-family: Tahoma, serif;\">so lautet der Untertitel des Romans <\/span><span style=\"font-family: Tahoma, serif;\"><b>\u201eDie Welle des Olymp\u201c<\/b><\/span><span style=\"font-family: Tahoma, serif;\">. Drei Worte, die wohl f\u00fcr jeden Menschen eine Bedeutung besitzen und zugleich ganz unterschiedlich verstanden werden.<\/span><\/em><\/p>\n<p align=\"left\"><em><span style=\"font-family: Tahoma, serif;\"><b>Liebe<\/b><\/span><span style=\"font-family: Tahoma, serif;\"> erf\u00fcllt uns mit Sehnsucht. Wir wissen von ihr und doch bleibt sie uns Mysterium. Was ist die Liebe, fragen wir uns. Das Gegenteil zur Liebe mag die Trennung zu sein. Wenn keinerlei Kontakt bewusst ist und jegliche Verbindung fehlt, dann existiert die Trennung in absoluter Form. Liebe beginnt, sobald wir hin zu einer Vereinigung streben und ein Gef\u00fchl der Zusammengeh\u00f6rigkeit entsteht.<\/span><\/em><\/p>\n<p align=\"left\"><em><span style=\"font-family: Tahoma, serif;\">Trennung von Gott\u00b9 ist eine g\u00e4ngige Definition von S\u00fcnde. Unser eigenes auf uns bezogenes Streben und Wollen, welches Ausdruck in Gef\u00fchlen, Gedanken und Handlungen findet, trennt uns von der Sch\u00f6pfung und dem Wollen anderer. Hass ist die gewollte Abkehr und fehlende Anerkennung des Gef\u00fchls der Gemeinsamkeit. Zusammengeh\u00f6rigkeit soll nicht sein und wird bek\u00e4mpft, wenn der Hass regiert. <\/span><\/em><\/p>\n<p align=\"left\"><em><span style=\"font-family: Tahoma, serif;\">Die Suche nach der Liebe zieht sich durch den Roman. Und scheinbar tritt ihr das Verlangen nach <\/span><span style=\"font-family: Tahoma, serif;\"><b>Freiheit<\/b>, die in der Durchsetzung des eigenen Willens vermutet wird,\u00a0 ent<\/span><span style=\"font-family: Tahoma, serif;\">gegen. Doch was ist Freiheit? Ein ebenso schillernder Begriff wie die Liebe. <\/span><\/em><\/p>\n<p align=\"left\"><em><span style=\"font-family: Tahoma, serif;\">Der Mensch sieht sich unfrei, f\u00fchlt sich unter Druck, unter Zwang, versucht dem zu entweichen und ihm sein Wollen sowie sein Streben nach pers\u00f6nlichem Wohlergehen entgegenzustellen. Ist er dann frei, wenn er derart handelt? Das Leben wird weiterhin von ihm nicht Erw\u00fcnschtes verlangen! Frei ist der Mensch, wenn er nicht aus der \u00dcberzeugung, sein Leben sollte in anderer Weise, als ihm bestimmt, verlaufen, handelt; er sich mit seinem Schicksal vers\u00f6hnt und dieses aus eigener Einsicht aktiv zu erf\u00fcllen trachtet. Dann verliert er das bedr\u00fcckende Gef\u00fchl des Zwangs. Ein m\u00fchsamer Weg, den der Mensch in kleinen Schritten geht. Hiervon erz\u00e4hlt der Roman und bringt die <\/span><span style=\"font-family: Tahoma, serif;\"><b>G\u00f6tter <\/b><\/span><span style=\"font-family: Tahoma, serif;\">ins Spiel. <\/span><\/em><\/p>\n<p align=\"left\"><em><span style=\"font-family: Tahoma, serif;\">G\u00f6tter\u00b2 existieren in einer anderen Wirklichkeit als wir Menschen. Mit ihnen in Kontakt zu treten, scheint voller Hindernisse. G\u00f6tter sind, was wir uns unter ihnen vorstellen, k\u00f6nnte man sagen. Es ist uns versagt, sie wahrhaftig zu erkennen. Im Roman verlangt die sterbliche Semele, eine Geliebte des Zeus mit der er den sp\u00e4teren Gott Dionysos zeugt, dass sich Zeus ihr in seiner \u201ewahren\u201c Gestalt zeigt. Doch sie verbrennt augenblicklich, als sie den Gott in seiner Reinheit erblickt. Wir Menschen k\u00f6nnen in einer g\u00f6ttlichen Wirklichkeit nicht irdisch bleiben. <\/span><\/em><\/p>\n<p align=\"left\"><em><span style=\"font-family: Tahoma, serif;\">Doch wir Menschen ahnen von unserer Existenz zugrundeliegenden Kr\u00e4ften, die wir als g\u00f6ttlich bezeichnen k\u00f6nnen. Sie scheinen uns zu umgeben, auf uns zu wirken und unser Dasein zu bestimmen. Aus menschlicher Sicht umkreisen sie uns und schauen auf die Sterblichen. Stets haben die Menschen versucht, sich \u00fcber die Erkundung der G\u00f6tter zu ergr\u00fcnden\u00b3.<\/span><\/em><\/p>\n<p align=\"left\"><em><span style=\"font-family: Tahoma, serif;\">Aus der Sicht der G\u00f6tter haben sie die Menschen erschaffen, um sich in ihnen zu zeigen. Ihre Wirklichkeit spiegelt sich im irdischen Dasein des Menschen. Die Menschen und G\u00f6tter \u2013 Urm\u00e4chte, Archetypen \u2013 macht der Roman zum Thema. Beide Wirklichkeiten, die der Menschen und die der G\u00f6tter werden miteinander verwoben. <\/span><\/em><\/p>\n<p align=\"left\"><span style=\"font-family: Tahoma, serif;\"><em>Die Liebe m\u00f6chte das Trennende aufheben, die Freiheit will sich mit der Bestimmung vers\u00f6hnen und die G\u00f6tter verweisen auf eine unserem Sein zugrundeliegende Wirklichkeit.<\/em> <\/span><\/p>\n<p align=\"left\"><em>1) Der Satan rebellierte gegen Gott und trennte sich von seinem Willen. Damit stellt er sich dem Bewusstsein des &#8222;Einen&#8220;, das Liebe bedeutet, entgegen. Die Vereinigung ist Liebe! <\/em><em>Wie die Menschen sucht der Satan nun aus eigenem (getrenntem) Willen Gl\u00fcck und Bestimmung. Damit kommt das, was der Idee der Sch\u00f6pfung entgegensteht, in die Wirklichkeit, l\u00e4sst sich als das &#8222;B\u00f6se&#8220; bezeichnen und\u00a0 leitet zugleich einen \u00fcberaus fruchtbaren Erkenntnis- und Bewusstseinsprozess ein. <\/em><\/p>\n<p align=\"left\"><em>2) Die Kunst hat sich stets mit den G\u00f6ttern oder Gott besch\u00e4ftigt. Ob Literatur, Theater, Musik oder Bildende Kunst stets waren G\u00f6tter Gegenstand ihrer Betrachtung. Dies mag daran liegen, dass Kunst die Urgr\u00fcnde des Menschseins zu ber\u00fchren trachtet. Es ist aber auch erkennbar, dass der K\u00fcnstler aus der Welt der G\u00f6tter sch\u00f6pft, sein Tun tief in dieser &#8222;anderen&#8220; Wirklichkeit verankert ist.\u00a0<\/em><\/p>\n<p align=\"left\"><em>3) Aus Sicht der G\u00f6tter haben sie die Menschen erschaffen und der Mensch kreist um die Unsterblichen. Die Seele besitzt den Menschen als ihren irdischen Vertreter. Den Menschen erscheint es gerne so, als kreisten die G\u00f6tter um sie und bes\u00e4\u00dfen sie die Seele.\u00a0<\/em><\/p>\n<p><strong><em>\u00bbGeht in die Tiefe eurer Lebensthemen\u00ab, sprechen die Schicksalsg\u00f6ttinnen. \u00bbHier findet ihr, was es zu lernen gilt. Niemand versprach euch, dass dies leicht sei! Ihr seid gebunden an eure Bestimmung!\u00ab<br \/>\n<\/em><\/strong><em>Aus: Die Welle des Olymp<br \/>\n<\/em><\/p>\n<p><em>Zur\u00fcck\u00a0\u00a0<a href=\"https:\/\/www.einschamanenweg.de\/?page_id=253\"><img loading=\"lazy\" decoding=\"async\" class=\"alignnone wp-image-395\" src=\"http:\/\/einschamanenweg.de\/wp-content\/uploads\/2018\/09\/Welle-Vorderseite-195x300.jpg\" alt=\"\" width=\"15\" height=\"23\" srcset=\"https:\/\/einschamanenweg.de\/wp-content\/uploads\/2018\/09\/Welle-Vorderseite-195x300.jpg 195w, https:\/\/einschamanenweg.de\/wp-content\/uploads\/2018\/09\/Welle-Vorderseite.jpg 278w\" sizes=\"auto, (max-width: 15px) 100vw, 15px\" \/><\/a><\/em><\/p>\n","protected":false},"excerpt":{"rendered":"<p>Das Buch\u00a0 \u00a0 \u00a0\u00a0 \u00a0 Leseprobe\u00a0 \u00a0\u00a0\u00a0\u00a0\u00a0\u00a0 G\u00f6tterwelt\u00a0 \u00a0\u00a0 \u00a0\u00a0\u00a0 Gedichte\u00a0\u00a0 \u00a0\u00a0\u00a0\u00a0\u00a0\u00a0 Gedanken\u00a0 \u00a0\u00a0\u00a0 \u00a0\u00a0 Das Cover\u00a0 \u00a0 \u00a0 \u00a0\u00a0 Bezug\u00a0 \u00a0 \u00a0\u00a0\u00a0\u00a0\u00a0\u00a0\u00a0\u00a0\u00a0\u00a0\u00a0\u00a0\u00a0\u00a0\u00a0\u00a0\u00a0\u00a0\u00a0 Die Liebe, die Freiheit und die G\u00f6tter \u201eDie Liebe, die Freiheit und die G\u00f6tter\u201c, so lautet der Untertitel des Romans \u201eDie Welle des Olymp\u201c. Drei Worte, die wohl f\u00fcr jeden Menschen eine [&hellip;]<\/p>\n","protected":false},"author":1,"featured_media":0,"parent":0,"menu_order":0,"comment_status":"closed","ping_status":"closed","template":"","meta":{"footnotes":""},"class_list":["post-483","page","type-page","status-publish","hentry"],"_links":{"self":[{"href":"https:\/\/einschamanenweg.de\/index.php?rest_route=\/wp\/v2\/pages\/483","targetHints":{"allow":["GET"]}}],"collection":[{"href":"https:\/\/einschamanenweg.de\/index.php?rest_route=\/wp\/v2\/pages"}],"about":[{"href":"https:\/\/einschamanenweg.de\/index.php?rest_route=\/wp\/v2\/types\/page"}],"author":[{"embeddable":true,"href":"https:\/\/einschamanenweg.de\/index.php?rest_route=\/wp\/v2\/users\/1"}],"replies":[{"embeddable":true,"href":"https:\/\/einschamanenweg.de\/index.php?rest_route=%2Fwp%2Fv2%2Fcomments&post=483"}],"version-history":[{"count":10,"href":"https:\/\/einschamanenweg.de\/index.php?rest_route=\/wp\/v2\/pages\/483\/revisions"}],"predecessor-version":[{"id":1237,"href":"https:\/\/einschamanenweg.de\/index.php?rest_route=\/wp\/v2\/pages\/483\/revisions\/1237"}],"wp:attachment":[{"href":"https:\/\/einschamanenweg.de\/index.php?rest_route=%2Fwp%2Fv2%2Fmedia&parent=483"}],"curies":[{"name":"wp","href":"https:\/\/api.w.org\/{rel}","templated":true}]}}